{"id":193,"date":"2014-10-29T11:09:02","date_gmt":"2014-10-29T11:09:02","guid":{"rendered":"http:\/\/bheiran.com\/?page_id=193"},"modified":"2024-02-02T10:58:54","modified_gmt":"2024-02-02T10:58:54","slug":"prueba-de-ninhos","status":"publish","type":"page","link":"http:\/\/bheiran.trotajueves.es\/?page_id=193","title":{"rendered":"ACTAS Y TEXTOS"},"content":{"rendered":"<p><img loading=\"lazy\" decoding=\"async\" class=\"alignleft size-thumbnail wp-image-240\" src=\"http:\/\/bheiran.com\/wp-content\/uploads\/2014\/10\/flechaInicio-91x150.gif\" alt=\"flechaInicio\" width=\"91\" height=\"150\" srcset=\"http:\/\/bheiran.trotajueves.es\/wp-content\/uploads\/2014\/10\/flechaInicio-91x150.gif 91w, http:\/\/bheiran.trotajueves.es\/wp-content\/uploads\/2014\/10\/flechaInicio-139x230.gif 139w\" sizes=\"auto, (max-width: 91px) 100vw, 91px\" \/>CUANDO TERMINES CON LAS P\u00c1GINAS PROTEGIDAS,<\/p>\n<p>RECUERDA SALIR<\/p>\n<p>APRETANDO ESTE BOT\u00d3N.<\/p>\n<p>Todos te lo agradeceremos,<\/p>\n<p>incluso t\u00fa. Un beso.<\/p>\n<p>&nbsp;<\/p>\n<p><a title=\"ENCUENTROS EN BHEIRAN agosto\" href=\"http:\/\/bheiran.com\/?p=548\" target=\"_blank\" rel=\"noopener\"><em>\u00a0AGOSTO<\/em><\/a><\/p>\n<figure id=\"attachment_558\" aria-describedby=\"caption-attachment-558\" style=\"width: 95px\" class=\"wp-caption alignleft\"><a href=\"http:\/\/bheiran.com\/wp-content\/uploads\/2015\/08\/apuntes-personajes-EPI.pdf\" target=\"_blank\" rel=\"noopener\"><img loading=\"lazy\" decoding=\"async\" class=\"wp-image-558 size-thumbnail\" src=\"http:\/\/bheiran.com\/wp-content\/uploads\/2014\/10\/250px-Ali-bey-95x150.jpg\" alt=\"Texto personajes de epi\" width=\"95\" height=\"150\" srcset=\"http:\/\/bheiran.trotajueves.es\/wp-content\/uploads\/2014\/10\/250px-Ali-bey-95x150.jpg 95w, http:\/\/bheiran.trotajueves.es\/wp-content\/uploads\/2014\/10\/250px-Ali-bey-191x300.jpg 191w, http:\/\/bheiran.trotajueves.es\/wp-content\/uploads\/2014\/10\/250px-Ali-bey-146x230.jpg 146w, http:\/\/bheiran.trotajueves.es\/wp-content\/uploads\/2014\/10\/250px-Ali-bey.jpg 250w\" sizes=\"auto, (max-width: 95px) 100vw, 95px\" \/><\/a><figcaption id=\"caption-attachment-558\" class=\"wp-caption-text\">Texto personajes de epi<\/figcaption><\/figure>\n<figure id=\"attachment_263\" aria-describedby=\"caption-attachment-263\" style=\"width: 150px\" class=\"wp-caption aligncenter\"><a href=\"http:\/\/bheiran.com\/wp-content\/uploads\/2015\/08\/ACTA-DE-AGOSTO.pdf\" target=\"_blank\" rel=\"noopener\"><img loading=\"lazy\" decoding=\"async\" class=\"wp-image-263 size-thumbnail\" src=\"http:\/\/bheiran.com\/wp-content\/uploads\/2014\/10\/images-1-150x112.jpg\" alt=\"ACTA AGOSTO\" width=\"150\" height=\"112\" srcset=\"http:\/\/bheiran.trotajueves.es\/wp-content\/uploads\/2014\/10\/images-1-150x112.jpg 150w, http:\/\/bheiran.trotajueves.es\/wp-content\/uploads\/2014\/10\/images-1.jpg 259w\" sizes=\"auto, (max-width: 150px) 100vw, 150px\" \/><\/a><figcaption id=\"caption-attachment-263\" class=\"wp-caption-text\">ACTA AGOSTO<\/figcaption><\/figure>\n<p>&nbsp;<\/p>\n<p>&nbsp;<\/p>\n<hr \/>\n<p>&nbsp;<\/p>\n<p><a href=\"http:\/\/bheiran.com\/?p=534\" target=\"_blank\" rel=\"noopener\"><em><strong>JULIO<\/strong><\/em><\/a><\/p>\n<figure id=\"attachment_514\" aria-describedby=\"caption-attachment-514\" style=\"width: 130px\" class=\"wp-caption alignleft\"><a href=\"http:\/\/bheiran.com\/wp-content\/uploads\/2015\/08\/mario.pdf\" target=\"_blank\" rel=\"noopener\"><img loading=\"lazy\" decoding=\"async\" class=\"wp-image-514 size-thumbnail\" src=\"http:\/\/bheiran.com\/wp-content\/uploads\/2014\/10\/mestizo-130x150.jpg\" alt=\"Poeta Americano 2\" width=\"130\" height=\"150\" srcset=\"http:\/\/bheiran.trotajueves.es\/wp-content\/uploads\/2014\/10\/mestizo-130x150.jpg 130w, http:\/\/bheiran.trotajueves.es\/wp-content\/uploads\/2014\/10\/mestizo-260x300.jpg 260w, http:\/\/bheiran.trotajueves.es\/wp-content\/uploads\/2014\/10\/mestizo-199x230.jpg 199w, http:\/\/bheiran.trotajueves.es\/wp-content\/uploads\/2014\/10\/mestizo.jpg 300w\" sizes=\"auto, (max-width: 130px) 100vw, 130px\" \/><\/a><figcaption id=\"caption-attachment-514\" class=\"wp-caption-text\">Poeta Americano 2<\/figcaption><\/figure>\n<figure id=\"attachment_263\" aria-describedby=\"caption-attachment-263\" style=\"width: 150px\" class=\"wp-caption alignright\"><a href=\"http:\/\/bheiran.com\/wp-content\/uploads\/2015\/08\/ACTA-DE-JULIO.pdf\" target=\"_blank\" rel=\"noopener\"><img loading=\"lazy\" decoding=\"async\" class=\"wp-image-263 size-thumbnail\" src=\"http:\/\/bheiran.com\/wp-content\/uploads\/2014\/10\/images-1-150x112.jpg\" alt=\"ACTA MARZO\" width=\"150\" height=\"112\" srcset=\"http:\/\/bheiran.trotajueves.es\/wp-content\/uploads\/2014\/10\/images-1-150x112.jpg 150w, http:\/\/bheiran.trotajueves.es\/wp-content\/uploads\/2014\/10\/images-1.jpg 259w\" sizes=\"auto, (max-width: 150px) 100vw, 150px\" \/><\/a><figcaption id=\"caption-attachment-263\" class=\"wp-caption-text\">ACTA JULIO<\/figcaption><\/figure>\n<figure id=\"attachment_293\" aria-describedby=\"caption-attachment-293\" style=\"width: 108px\" class=\"wp-caption aligncenter\"><a href=\"http:\/\/bheiran.com\/wp-content\/uploads\/2015\/08\/persona-amparo.doc.pdf\" target=\"_blank\" rel=\"noopener\"><img loading=\"lazy\" decoding=\"async\" class=\"wp-image-293 size-thumbnail\" src=\"http:\/\/bheiran.com\/wp-content\/uploads\/2014\/10\/Retrato-de-108x150.jpg\" alt=\"\" width=\"108\" height=\"150\" srcset=\"http:\/\/bheiran.trotajueves.es\/wp-content\/uploads\/2014\/10\/Retrato-de-108x150.jpg 108w, http:\/\/bheiran.trotajueves.es\/wp-content\/uploads\/2014\/10\/Retrato-de-216x300.jpg 216w, http:\/\/bheiran.trotajueves.es\/wp-content\/uploads\/2014\/10\/Retrato-de-165x230.jpg 165w, http:\/\/bheiran.trotajueves.es\/wp-content\/uploads\/2014\/10\/Retrato-de.jpg 346w\" sizes=\"auto, (max-width: 108px) 100vw, 108px\" \/><\/a><figcaption id=\"caption-attachment-293\" class=\"wp-caption-text\">CIENT\u00cdFICO 3<\/figcaption><\/figure>\n<p>&nbsp;<\/p>\n<hr \/>\n<p>&nbsp;<\/p>\n<p><a href=\"http:\/\/bheiran.com\/?p=494\" target=\"_blank\" rel=\"noopener\"><em><strong>MARZO<\/strong><\/em><\/a><\/p>\n<figure id=\"attachment_514\" aria-describedby=\"caption-attachment-514\" style=\"width: 130px\" class=\"wp-caption alignleft\"><a href=\"http:\/\/bheiran.com\/wp-content\/uploads\/2015\/04\/mario-1.pdf\" target=\"_blank\" rel=\"noopener\"><img loading=\"lazy\" decoding=\"async\" class=\"wp-image-514 size-thumbnail\" src=\"http:\/\/bheiran.com\/wp-content\/uploads\/2014\/10\/mestizo-130x150.jpg\" alt=\"Poeta Americano (Bego)\" width=\"130\" height=\"150\" srcset=\"http:\/\/bheiran.trotajueves.es\/wp-content\/uploads\/2014\/10\/mestizo-130x150.jpg 130w, http:\/\/bheiran.trotajueves.es\/wp-content\/uploads\/2014\/10\/mestizo-260x300.jpg 260w, http:\/\/bheiran.trotajueves.es\/wp-content\/uploads\/2014\/10\/mestizo-199x230.jpg 199w, http:\/\/bheiran.trotajueves.es\/wp-content\/uploads\/2014\/10\/mestizo.jpg 300w\" sizes=\"auto, (max-width: 130px) 100vw, 130px\" \/><\/a><figcaption id=\"caption-attachment-514\" class=\"wp-caption-text\">Poeta Americano (Bego)<\/figcaption><\/figure>\n<figure id=\"attachment_293\" aria-describedby=\"caption-attachment-293\" style=\"width: 108px\" class=\"wp-caption alignright\"><a href=\"http:\/\/bheiran.com\/wp-content\/uploads\/2015\/04\/gonzalo.pdf\" target=\"_blank\" rel=\"noopener\"><img loading=\"lazy\" decoding=\"async\" class=\"wp-image-293 size-thumbnail\" src=\"http:\/\/bheiran.com\/wp-content\/uploads\/2014\/10\/Retrato-de-108x150.jpg\" alt=\"Retrato de\" width=\"108\" height=\"150\" srcset=\"http:\/\/bheiran.trotajueves.es\/wp-content\/uploads\/2014\/10\/Retrato-de-108x150.jpg 108w, http:\/\/bheiran.trotajueves.es\/wp-content\/uploads\/2014\/10\/Retrato-de-216x300.jpg 216w, http:\/\/bheiran.trotajueves.es\/wp-content\/uploads\/2014\/10\/Retrato-de-165x230.jpg 165w, http:\/\/bheiran.trotajueves.es\/wp-content\/uploads\/2014\/10\/Retrato-de.jpg 346w\" sizes=\"auto, (max-width: 108px) 100vw, 108px\" \/><\/a><figcaption id=\"caption-attachment-293\" class=\"wp-caption-text\">Cient\u00edfico (Amparo)<\/figcaption><\/figure>\n<p>&nbsp;<\/p>\n<figure id=\"attachment_263\" aria-describedby=\"caption-attachment-263\" style=\"width: 150px\" class=\"wp-caption aligncenter\"><a href=\"http:\/\/bheiran.com\/wp-content\/uploads\/2015\/03\/PUNTOS-DEL-D\u00cdA-REUNI\u00d3N-13-DE-MARZO.pdf\" target=\"_blank\" rel=\"noopener\"><img loading=\"lazy\" decoding=\"async\" class=\"wp-image-263 size-thumbnail\" src=\"http:\/\/bheiran.com\/wp-content\/uploads\/2014\/10\/images-1-150x112.jpg\" alt=\"ACTA MARZO\" width=\"150\" height=\"112\" srcset=\"http:\/\/bheiran.trotajueves.es\/wp-content\/uploads\/2014\/10\/images-1-150x112.jpg 150w, http:\/\/bheiran.trotajueves.es\/wp-content\/uploads\/2014\/10\/images-1.jpg 259w\" sizes=\"auto, (max-width: 150px) 100vw, 150px\" \/><\/a><figcaption id=\"caption-attachment-263\" class=\"wp-caption-text\">ACTA MARZO<\/figcaption><\/figure>\n<p>&nbsp;<\/p>\n<hr \/>\n<p>&nbsp;<\/p>\n<p><a href=\"http:\/\/bheiran.com\/?p=432\" target=\"_blank\" rel=\"noopener\"><em><strong>FEBRERO<\/strong><\/em><\/a><\/p>\n<figure id=\"attachment_424\" aria-describedby=\"caption-attachment-424\" style=\"width: 150px\" class=\"wp-caption alignleft\"><a href=\"http:\/\/bheiran.com\/wp-content\/uploads\/2015\/02\/Georgia.pdf\" target=\"_blank\" rel=\"noopener\"><img loading=\"lazy\" decoding=\"async\" class=\"wp-image-424 size-thumbnail\" src=\"http:\/\/bheiran.com\/wp-content\/uploads\/2015\/01\/Caucasian_Iberia-150x101.gif\" alt=\"Caucasian_Iberia\" width=\"150\" height=\"101\" srcset=\"http:\/\/bheiran.trotajueves.es\/wp-content\/uploads\/2015\/01\/Caucasian_Iberia-150x101.gif 150w, http:\/\/bheiran.trotajueves.es\/wp-content\/uploads\/2015\/01\/Caucasian_Iberia-300x202.gif 300w, http:\/\/bheiran.trotajueves.es\/wp-content\/uploads\/2015\/01\/Caucasian_Iberia-340x230.gif 340w\" sizes=\"auto, (max-width: 150px) 100vw, 150px\" \/><\/a><figcaption id=\"caption-attachment-424\" class=\"wp-caption-text\">BHEIRAN FEBRERO (Amparo)<\/figcaption><\/figure>\n<p>&nbsp;<\/p>\n<p>&nbsp;<\/p>\n<figure id=\"attachment_276\" aria-describedby=\"caption-attachment-276\" style=\"width: 150px\" class=\"wp-caption aligncenter\"><a href=\"http:\/\/bheiran.com\/wp-content\/uploads\/2015\/01\/Tratado-con-la-Sublime-Puerta.pdf\" target=\"_blank\" rel=\"noopener\"><img loading=\"lazy\" decoding=\"async\" class=\"wp-image-276 size-thumbnail\" src=\"http:\/\/bheiran.com\/wp-content\/uploads\/2014\/10\/12-de-septiembre-de-1567-sobre-pesas-y-medidas-150x70.jpg\" alt=\"TEXTO PAZ CON OTOMANOS\" width=\"150\" height=\"70\" srcset=\"http:\/\/bheiran.trotajueves.es\/wp-content\/uploads\/2014\/10\/12-de-septiembre-de-1567-sobre-pesas-y-medidas-150x70.jpg 150w, http:\/\/bheiran.trotajueves.es\/wp-content\/uploads\/2014\/10\/12-de-septiembre-de-1567-sobre-pesas-y-medidas-300x141.jpg 300w, http:\/\/bheiran.trotajueves.es\/wp-content\/uploads\/2014\/10\/12-de-septiembre-de-1567-sobre-pesas-y-medidas-1024x481.jpg 1024w, http:\/\/bheiran.trotajueves.es\/wp-content\/uploads\/2014\/10\/12-de-septiembre-de-1567-sobre-pesas-y-medidas-489x230.jpg 489w, http:\/\/bheiran.trotajueves.es\/wp-content\/uploads\/2014\/10\/12-de-septiembre-de-1567-sobre-pesas-y-medidas.jpg 1600w\" sizes=\"auto, (max-width: 150px) 100vw, 150px\" \/><\/a><figcaption id=\"caption-attachment-276\" class=\"wp-caption-text\">TEXTO PAZ CON OTOMANOS (Tere)<\/figcaption><\/figure>\n<hr \/>\n<p>&nbsp;<\/p>\n<figure id=\"attachment_124\" aria-describedby=\"caption-attachment-124\" style=\"width: 127px\" class=\"wp-caption alignleft\"><a href=\"http:\/\/bheiran.com\/wp-content\/uploads\/2015\/01\/Tratado-con-Marruecos-.pdf\" target=\"_blank\" rel=\"noopener\"><img loading=\"lazy\" decoding=\"async\" class=\"wp-image-124 size-thumbnail\" src=\"http:\/\/bheiran.com\/wp-content\/uploads\/2014\/10\/legajo4-127x150.jpg\" alt=\"TEXTO PAZ CON MARRUECOS\" width=\"127\" height=\"150\" srcset=\"http:\/\/bheiran.trotajueves.es\/wp-content\/uploads\/2014\/10\/legajo4-127x150.jpg 127w, http:\/\/bheiran.trotajueves.es\/wp-content\/uploads\/2014\/10\/legajo4-195x230.jpg 195w, http:\/\/bheiran.trotajueves.es\/wp-content\/uploads\/2014\/10\/legajo4.jpg 207w\" sizes=\"auto, (max-width: 127px) 100vw, 127px\" \/><\/a><figcaption id=\"caption-attachment-124\" class=\"wp-caption-text\">TEXTO PAZ CON MARRUECOS (Tere)<\/figcaption><\/figure>\n<figure id=\"attachment_377\" aria-describedby=\"caption-attachment-377\" style=\"width: 120px\" class=\"wp-caption aligncenter\"><a href=\"http:\/\/bheiran.com\/wp-content\/uploads\/2015\/01\/Elba-personajes-femeninos.pdf\" target=\"_blank\" rel=\"noopener\"><img loading=\"lazy\" decoding=\"async\" class=\"wp-image-377 size-thumbnail\" src=\"http:\/\/bheiran.com\/wp-content\/uploads\/2014\/10\/Medea-120x150.jpg\" alt=\"Texto Elba. Mujeres aventureras\" width=\"120\" height=\"150\" srcset=\"http:\/\/bheiran.trotajueves.es\/wp-content\/uploads\/2014\/10\/Medea-120x150.jpg 120w, http:\/\/bheiran.trotajueves.es\/wp-content\/uploads\/2014\/10\/Medea-240x300.jpg 240w, http:\/\/bheiran.trotajueves.es\/wp-content\/uploads\/2014\/10\/Medea-184x230.jpg 184w, http:\/\/bheiran.trotajueves.es\/wp-content\/uploads\/2014\/10\/Medea.jpg 260w\" sizes=\"auto, (max-width: 120px) 100vw, 120px\" \/><\/a><figcaption id=\"caption-attachment-377\" class=\"wp-caption-text\">MUJERES AVENTURERAS (Elba)<\/figcaption><\/figure>\n<p>&nbsp;<\/p>\n<hr \/>\n<p>&nbsp;<\/p>\n<p><a href=\"http:\/\/bheiran.com\/?p=355\" target=\"_blank\" rel=\"noopener\"><em><strong>DICIEMBRE<\/strong><\/em><\/a><\/p>\n<figure id=\"attachment_126\" aria-describedby=\"caption-attachment-126\" style=\"width: 150px\" class=\"wp-caption alignleft\"><a href=\"https:\/\/www.youtube.com\/watch?v=jLQakC7EFIk\" target=\"_blank\" rel=\"noopener\"><img loading=\"lazy\" decoding=\"async\" class=\"wp-image-126 size-thumbnail\" src=\"http:\/\/bheiran.com\/wp-content\/uploads\/2014\/10\/viajar1-150x99.jpg\" alt=\"ACTA Audiovisual\" width=\"150\" height=\"99\" srcset=\"http:\/\/bheiran.trotajueves.es\/wp-content\/uploads\/2014\/10\/viajar1-150x99.jpg 150w, http:\/\/bheiran.trotajueves.es\/wp-content\/uploads\/2014\/10\/viajar1-300x198.jpg 300w, http:\/\/bheiran.trotajueves.es\/wp-content\/uploads\/2014\/10\/viajar1-347x230.jpg 347w, http:\/\/bheiran.trotajueves.es\/wp-content\/uploads\/2014\/10\/viajar1.jpg 612w\" sizes=\"auto, (max-width: 150px) 100vw, 150px\" \/><\/a><figcaption id=\"caption-attachment-126\" class=\"wp-caption-text\">ACTA AUDIOVISUAL<\/figcaption><\/figure>\n<p>&nbsp;<\/p>\n<figure id=\"attachment_276\" aria-describedby=\"caption-attachment-276\" style=\"width: 150px\" class=\"wp-caption aligncenter\"><a href=\"http:\/\/bheiran.com\/wp-content\/uploads\/2014\/10\/REUNION-DICIEMBRE.pdf\" target=\"_blank\" rel=\"noopener\"><img loading=\"lazy\" decoding=\"async\" class=\"wp-image-276 size-thumbnail\" src=\"http:\/\/bheiran.com\/wp-content\/uploads\/2014\/10\/12-de-septiembre-de-1567-sobre-pesas-y-medidas-150x70.jpg\" alt=\"Bheiran diciembre \" width=\"150\" height=\"70\" srcset=\"http:\/\/bheiran.trotajueves.es\/wp-content\/uploads\/2014\/10\/12-de-septiembre-de-1567-sobre-pesas-y-medidas-150x70.jpg 150w, http:\/\/bheiran.trotajueves.es\/wp-content\/uploads\/2014\/10\/12-de-septiembre-de-1567-sobre-pesas-y-medidas-300x141.jpg 300w, http:\/\/bheiran.trotajueves.es\/wp-content\/uploads\/2014\/10\/12-de-septiembre-de-1567-sobre-pesas-y-medidas-1024x481.jpg 1024w, http:\/\/bheiran.trotajueves.es\/wp-content\/uploads\/2014\/10\/12-de-septiembre-de-1567-sobre-pesas-y-medidas-489x230.jpg 489w, http:\/\/bheiran.trotajueves.es\/wp-content\/uploads\/2014\/10\/12-de-septiembre-de-1567-sobre-pesas-y-medidas.jpg 1600w\" sizes=\"auto, (max-width: 150px) 100vw, 150px\" \/><\/a><figcaption id=\"caption-attachment-276\" class=\"wp-caption-text\">BHEIRAN DICIEMBRE<\/figcaption><\/figure>\n<p>&nbsp;<\/p>\n<hr \/>\n<p>&nbsp;<\/p>\n<figure id=\"attachment_263\" aria-describedby=\"caption-attachment-263\" style=\"width: 150px\" class=\"wp-caption alignleft\"><a href=\"http:\/\/bheiran.com\/wp-content\/uploads\/2014\/11\/texto-de-elba.pdf\" target=\"_blank\" rel=\"noopener\"><img loading=\"lazy\" decoding=\"async\" class=\"wp-image-263 size-thumbnail\" src=\"http:\/\/bheiran.com\/wp-content\/uploads\/2014\/10\/images-1-150x112.jpg\" alt=\"QUININA (Elba)\" width=\"150\" height=\"112\" srcset=\"http:\/\/bheiran.trotajueves.es\/wp-content\/uploads\/2014\/10\/images-1-150x112.jpg 150w, http:\/\/bheiran.trotajueves.es\/wp-content\/uploads\/2014\/10\/images-1.jpg 259w\" sizes=\"auto, (max-width: 150px) 100vw, 150px\" \/><\/a><figcaption id=\"caption-attachment-263\" class=\"wp-caption-text\">QUININA (Elba)<\/figcaption><\/figure>\n<figure id=\"attachment_266\" aria-describedby=\"caption-attachment-266\" style=\"width: 150px\" class=\"wp-caption aligncenter\"><a href=\"http:\/\/bheiran.com\/wp-content\/uploads\/2014\/11\/mitologia-bueno.pdf\" target=\"_blank\" rel=\"noopener\"><img loading=\"lazy\" decoding=\"async\" class=\"wp-image-266 size-thumbnail\" src=\"http:\/\/bheiran.com\/wp-content\/uploads\/2014\/10\/docu666-150x109.jpg\" alt=\"Texto Bheiran 2\" width=\"150\" height=\"109\" srcset=\"http:\/\/bheiran.trotajueves.es\/wp-content\/uploads\/2014\/10\/docu666-150x109.jpg 150w, http:\/\/bheiran.trotajueves.es\/wp-content\/uploads\/2014\/10\/docu666-300x219.jpg 300w, http:\/\/bheiran.trotajueves.es\/wp-content\/uploads\/2014\/10\/docu666-314x230.jpg 314w, http:\/\/bheiran.trotajueves.es\/wp-content\/uploads\/2014\/10\/docu666.jpg 666w\" sizes=\"auto, (max-width: 150px) 100vw, 150px\" \/><\/a><figcaption id=\"caption-attachment-266\" class=\"wp-caption-text\">MITOLOG\u00cdA (Tere)<\/figcaption><\/figure>\n<p>&nbsp;<\/p>\n<hr \/>\n<p>&nbsp;<\/p>\n<figure id=\"attachment_263\" aria-describedby=\"caption-attachment-263\" style=\"width: 259px\" class=\"wp-caption aligncenter\"><a href=\"http:\/\/bheiran.com\/wp-content\/uploads\/2014\/10\/texto-Bheiran-4.pdf\" target=\"_blank\" rel=\"noopener\"><img loading=\"lazy\" decoding=\"async\" class=\"wp-image-263 size-full\" src=\"http:\/\/bheiran.com\/wp-content\/uploads\/2014\/10\/images-1.jpg\" alt=\"teto Bheiran 4\" width=\"259\" height=\"194\" srcset=\"http:\/\/bheiran.trotajueves.es\/wp-content\/uploads\/2014\/10\/images-1.jpg 259w, http:\/\/bheiran.trotajueves.es\/wp-content\/uploads\/2014\/10\/images-1-150x112.jpg 150w\" sizes=\"auto, (max-width: 259px) 100vw, 259px\" \/><\/a><figcaption id=\"caption-attachment-263\" class=\"wp-caption-text\">ACTA\u00a0DOS (Tere)<\/figcaption><\/figure>\n<figure id=\"attachment_276\" aria-describedby=\"caption-attachment-276\" style=\"width: 300px\" class=\"wp-caption aligncenter\"><a href=\"http:\/\/bheiran.com\/wp-content\/uploads\/2014\/10\/texto-Bheiran-3.pdf\" target=\"_blank\" rel=\"noopener\"><img loading=\"lazy\" decoding=\"async\" class=\"wp-image-276 size-medium\" src=\"http:\/\/bheiran.com\/wp-content\/uploads\/2014\/10\/12-de-septiembre-de-1567-sobre-pesas-y-medidas-300x141.jpg\" alt=\"Texto Bheiran 3\" width=\"300\" height=\"141\" srcset=\"http:\/\/bheiran.trotajueves.es\/wp-content\/uploads\/2014\/10\/12-de-septiembre-de-1567-sobre-pesas-y-medidas-300x141.jpg 300w, http:\/\/bheiran.trotajueves.es\/wp-content\/uploads\/2014\/10\/12-de-septiembre-de-1567-sobre-pesas-y-medidas-150x70.jpg 150w, http:\/\/bheiran.trotajueves.es\/wp-content\/uploads\/2014\/10\/12-de-septiembre-de-1567-sobre-pesas-y-medidas-1024x481.jpg 1024w, http:\/\/bheiran.trotajueves.es\/wp-content\/uploads\/2014\/10\/12-de-septiembre-de-1567-sobre-pesas-y-medidas-489x230.jpg 489w, http:\/\/bheiran.trotajueves.es\/wp-content\/uploads\/2014\/10\/12-de-septiembre-de-1567-sobre-pesas-y-medidas.jpg 1600w\" sizes=\"auto, (max-width: 300px) 100vw, 300px\" \/><\/a><figcaption id=\"caption-attachment-276\" class=\"wp-caption-text\">TERCER TEXTO BHEIRAN\u00a0 (Tere)<\/figcaption><\/figure>\n<figure id=\"attachment_266\" aria-describedby=\"caption-attachment-266\" style=\"width: 300px\" class=\"wp-caption aligncenter\"><a href=\"http:\/\/bheiran.com\/wp-content\/uploads\/2014\/10\/Bheiran-2.pdf\" target=\"_blank\" rel=\"noopener\"><img loading=\"lazy\" decoding=\"async\" class=\"wp-image-266 size-medium\" src=\"http:\/\/bheiran.com\/wp-content\/uploads\/2014\/10\/docu666-300x219.jpg\" alt=\"Texto Bheiran 2\" width=\"300\" height=\"219\" srcset=\"http:\/\/bheiran.trotajueves.es\/wp-content\/uploads\/2014\/10\/docu666-300x219.jpg 300w, http:\/\/bheiran.trotajueves.es\/wp-content\/uploads\/2014\/10\/docu666-150x109.jpg 150w, http:\/\/bheiran.trotajueves.es\/wp-content\/uploads\/2014\/10\/docu666-314x230.jpg 314w, http:\/\/bheiran.trotajueves.es\/wp-content\/uploads\/2014\/10\/docu666.jpg 666w\" sizes=\"auto, (max-width: 300px) 100vw, 300px\" \/><\/a><figcaption id=\"caption-attachment-266\" class=\"wp-caption-text\">SEGUNDO TEXTO BHEIRAN\u00a0\u00a0(Enrique)<\/figcaption><\/figure>\n<hr \/>\n<p>&nbsp;<\/p>\n<figure id=\"attachment_263\" aria-describedby=\"caption-attachment-263\" style=\"width: 259px\" class=\"wp-caption alignleft\"><a href=\"http:\/\/bheiran.com\/wp-content\/uploads\/2014\/10\/Fragmento-del-cuaderno-de-viaje-del-Padre-Manuel-Angel-Alonso-de-Hevia.pdf\" target=\"_blank\" rel=\"noopener\"><img loading=\"lazy\" decoding=\"async\" class=\"wp-image-263 size-full\" src=\"http:\/\/bheiran.com\/wp-content\/uploads\/2014\/10\/images-1.jpg\" alt=\"images (1)\" width=\"259\" height=\"194\" srcset=\"http:\/\/bheiran.trotajueves.es\/wp-content\/uploads\/2014\/10\/images-1.jpg 259w, http:\/\/bheiran.trotajueves.es\/wp-content\/uploads\/2014\/10\/images-1-150x112.jpg 150w\" sizes=\"auto, (max-width: 259px) 100vw, 259px\" \/><\/a><figcaption id=\"caption-attachment-263\" class=\"wp-caption-text\">FRAGMENTO PADRE HEVIA\u00a0(Almudena)<\/figcaption><\/figure>\n<figure id=\"attachment_95\" aria-describedby=\"caption-attachment-95\" style=\"width: 289px\" class=\"wp-caption alignright\"><a href=\"http:\/\/bheiran.com\/wp-content\/uploads\/2014\/10\/ACTA-2-octubre.pdf\" target=\"_blank\" rel=\"noopener\"><img loading=\"lazy\" decoding=\"async\" class=\"wp-image-95 size-full\" src=\"http:\/\/bheiran.com\/wp-content\/uploads\/2014\/08\/legajo3.jpg\" alt=\"ACTA DOS\" width=\"289\" height=\"175\" srcset=\"http:\/\/bheiran.trotajueves.es\/wp-content\/uploads\/2014\/08\/legajo3.jpg 289w, http:\/\/bheiran.trotajueves.es\/wp-content\/uploads\/2014\/08\/legajo3-150x90.jpg 150w\" sizes=\"auto, (max-width: 289px) 100vw, 289px\" \/><\/a><figcaption id=\"caption-attachment-95\" class=\"wp-caption-text\">BHEIRAN REUNI\u00d3N SEGUNDA<\/figcaption><\/figure>\n<p>&nbsp;<\/p>\n<p>&nbsp;<\/p>\n<p>&nbsp;<\/p>\n<p>&nbsp;<\/p>\n<p>&nbsp;<\/p>\n<p>&nbsp;<\/p>\n<p>&nbsp;<\/p>\n<p>&nbsp;<\/p>\n<hr \/>\n<p>&nbsp;<\/p>\n<figure id=\"attachment_269\" aria-describedby=\"caption-attachment-269\" style=\"width: 192px\" class=\"wp-caption alignright\"><a href=\"http:\/\/bheiran.com\/wp-content\/uploads\/2014\/10\/mudo.pdf\" target=\"_blank\" rel=\"noopener\"><img loading=\"lazy\" decoding=\"async\" class=\"wp-image-269 size-medium\" src=\"http:\/\/bheiran.com\/wp-content\/uploads\/2014\/10\/909511_280-192x300.jpg\" alt=\"El Mudo Ilustrado\" width=\"192\" height=\"300\" srcset=\"http:\/\/bheiran.trotajueves.es\/wp-content\/uploads\/2014\/10\/909511_280-192x300.jpg 192w, http:\/\/bheiran.trotajueves.es\/wp-content\/uploads\/2014\/10\/909511_280-96x150.jpg 96w, http:\/\/bheiran.trotajueves.es\/wp-content\/uploads\/2014\/10\/909511_280-147x230.jpg 147w, http:\/\/bheiran.trotajueves.es\/wp-content\/uploads\/2014\/10\/909511_280.jpg 200w\" sizes=\"auto, (max-width: 192px) 100vw, 192px\" \/><\/a><figcaption id=\"caption-attachment-269\" class=\"wp-caption-text\">EL MUDO ILUSTRADO\u00a0(Amparo)<\/figcaption><\/figure>\n<figure id=\"attachment_293\" aria-describedby=\"caption-attachment-293\" style=\"width: 216px\" class=\"wp-caption alignleft\"><a href=\"http:\/\/bheiran.com\/wp-content\/uploads\/2014\/10\/EL-CIENTIFICO.pdf\" target=\"_blank\" rel=\"noopener\"><img loading=\"lazy\" decoding=\"async\" class=\"wp-image-293 size-medium\" src=\"http:\/\/bheiran.com\/wp-content\/uploads\/2014\/10\/Retrato-de-216x300.jpg\" alt=\"Retrato de\" width=\"216\" height=\"300\" srcset=\"http:\/\/bheiran.trotajueves.es\/wp-content\/uploads\/2014\/10\/Retrato-de-216x300.jpg 216w, http:\/\/bheiran.trotajueves.es\/wp-content\/uploads\/2014\/10\/Retrato-de-108x150.jpg 108w, http:\/\/bheiran.trotajueves.es\/wp-content\/uploads\/2014\/10\/Retrato-de-165x230.jpg 165w, http:\/\/bheiran.trotajueves.es\/wp-content\/uploads\/2014\/10\/Retrato-de.jpg 346w\" sizes=\"auto, (max-width: 216px) 100vw, 216px\" \/><\/a><figcaption id=\"caption-attachment-293\" class=\"wp-caption-text\">EL CIENT\u00cdFICO (Amparo)<\/figcaption><\/figure>\n<p>&nbsp;<\/p>\n<p>&nbsp;<\/p>\n<p>&nbsp;<\/p>\n<p>&nbsp;<\/p>\n<p>&nbsp;<\/p>\n<p>&nbsp;<\/p>\n<p>&nbsp;<\/p>\n<p>&nbsp;<\/p>\n<p>&nbsp;<\/p>\n<p>&nbsp;<\/p>\n<p>&nbsp;<\/p>\n<p>&nbsp;<\/p>\n<hr \/>\n<p>&nbsp;<\/p>\n<figure id=\"attachment_83\" aria-describedby=\"caption-attachment-83\" style=\"width: 191px\" class=\"wp-caption aligncenter\"><a href=\"http:\/\/bheiran.com\/wp-content\/uploads\/2014\/10\/Bheiran.pdf\" target=\"_blank\" rel=\"noopener\"><img loading=\"lazy\" decoding=\"async\" class=\"wp-image-83 size-full\" src=\"http:\/\/bheiran.com\/wp-content\/uploads\/2014\/10\/documsgo.jpg\" alt=\"M\u00e1s textos para Bheiran\" width=\"191\" height=\"264\" srcset=\"http:\/\/bheiran.trotajueves.es\/wp-content\/uploads\/2014\/10\/documsgo.jpg 191w, http:\/\/bheiran.trotajueves.es\/wp-content\/uploads\/2014\/10\/documsgo-108x150.jpg 108w, http:\/\/bheiran.trotajueves.es\/wp-content\/uploads\/2014\/10\/documsgo-166x230.jpg 166w\" sizes=\"auto, (max-width: 191px) 100vw, 191px\" \/><\/a><figcaption id=\"caption-attachment-83\" class=\"wp-caption-text\">PRIMER TEXTO. BHEIRAN<\/figcaption><\/figure>\n<hr \/>\n<p>&nbsp;<\/p>\n<figure id=\"attachment_95\" aria-describedby=\"caption-attachment-95\" style=\"width: 150px\" class=\"wp-caption alignleft\"><a href=\"http:\/\/bheiran.com\/wp-content\/uploads\/2014\/10\/ACTA-1-BHEIRAN.pdf\" target=\"_blank\" rel=\"noopener\"><img loading=\"lazy\" decoding=\"async\" class=\"wp-image-95 size-thumbnail\" src=\"http:\/\/bheiran.com\/wp-content\/uploads\/2014\/08\/legajo3-150x90.jpg\" alt=\"Acta uno\" width=\"150\" height=\"90\" srcset=\"http:\/\/bheiran.trotajueves.es\/wp-content\/uploads\/2014\/08\/legajo3-150x90.jpg 150w, http:\/\/bheiran.trotajueves.es\/wp-content\/uploads\/2014\/08\/legajo3.jpg 289w\" sizes=\"auto, (max-width: 150px) 100vw, 150px\" \/><\/a><figcaption id=\"caption-attachment-95\" class=\"wp-caption-text\">ACTA UNO<\/figcaption><\/figure>\n<figure id=\"attachment_95\" aria-describedby=\"caption-attachment-95\" style=\"width: 150px\" class=\"wp-caption alignright\"><a href=\"http:\/\/bheiran.com\/wp-content\/uploads\/2014\/10\/ACTA-CERO.pdf\" target=\"_blank\" rel=\"noopener\"><img loading=\"lazy\" decoding=\"async\" class=\"wp-image-95 size-thumbnail\" src=\"http:\/\/bheiran.com\/wp-content\/uploads\/2014\/08\/legajo3-150x90.jpg\" alt=\"ACTA PRIMERA\" width=\"150\" height=\"90\" srcset=\"http:\/\/bheiran.trotajueves.es\/wp-content\/uploads\/2014\/08\/legajo3-150x90.jpg 150w, http:\/\/bheiran.trotajueves.es\/wp-content\/uploads\/2014\/08\/legajo3.jpg 289w\" sizes=\"auto, (max-width: 150px) 100vw, 150px\" \/><\/a><figcaption id=\"caption-attachment-95\" class=\"wp-caption-text\">ACTA CERO<\/figcaption><\/figure>\n<p>&nbsp;<\/p>\n<p>&nbsp;<\/p>\n<p>&nbsp;<\/p>\n<p>&nbsp;<\/p>\n<p>&nbsp;<\/p>\n<p>Iniciamos nuestra peripecia.<\/p>\n","protected":false},"excerpt":{"rendered":"<p>CUANDO TERMINES CON LAS P\u00c1GINAS PROTEGIDAS, RECUERDA SALIR APRETANDO ESTE BOT\u00d3N. Todos te lo agradeceremos, incluso t\u00fa. Un beso. &nbsp; \u00a0AGOSTO &nbsp; &nbsp; &nbsp; JULIO &nbsp; &nbsp; MARZO &nbsp; &nbsp; &nbsp; FEBRERO &nbsp; &nbsp; &nbsp; &nbsp; &nbsp; DICIEMBRE &nbsp; &nbsp; &nbsp; &nbsp; &nbsp; &nbsp; &nbsp; &nbsp; &nbsp; &nbsp; &nbsp; &nbsp; &nbsp; &nbsp; &nbsp; &nbsp; &nbsp; [&hellip;]<\/p>\n","protected":false},"author":1,"featured_media":56,"parent":0,"menu_order":0,"comment_status":"open","ping_status":"closed","template":"","meta":{"footnotes":""},"class_list":["post-193","page","type-page","status-publish","has-post-thumbnail","hentry"],"_links":{"self":[{"href":"http:\/\/bheiran.trotajueves.es\/index.php?rest_route=\/wp\/v2\/pages\/193","targetHints":{"allow":["GET"]}}],"collection":[{"href":"http:\/\/bheiran.trotajueves.es\/index.php?rest_route=\/wp\/v2\/pages"}],"about":[{"href":"http:\/\/bheiran.trotajueves.es\/index.php?rest_route=\/wp\/v2\/types\/page"}],"author":[{"embeddable":true,"href":"http:\/\/bheiran.trotajueves.es\/index.php?rest_route=\/wp\/v2\/users\/1"}],"replies":[{"embeddable":true,"href":"http:\/\/bheiran.trotajueves.es\/index.php?rest_route=%2Fwp%2Fv2%2Fcomments&post=193"}],"version-history":[{"count":2,"href":"http:\/\/bheiran.trotajueves.es\/index.php?rest_route=\/wp\/v2\/pages\/193\/revisions"}],"predecessor-version":[{"id":615,"href":"http:\/\/bheiran.trotajueves.es\/index.php?rest_route=\/wp\/v2\/pages\/193\/revisions\/615"}],"wp:featuredmedia":[{"embeddable":true,"href":"http:\/\/bheiran.trotajueves.es\/index.php?rest_route=\/wp\/v2\/media\/56"}],"wp:attachment":[{"href":"http:\/\/bheiran.trotajueves.es\/index.php?rest_route=%2Fwp%2Fv2%2Fmedia&parent=193"}],"curies":[{"name":"wp","href":"https:\/\/api.w.org\/{rel}","templated":true}]}}